{"id":8731,"date":"2022-06-17T08:21:34","date_gmt":"2022-06-17T07:21:34","guid":{"rendered":"https:\/\/en.17egsc.weconnect.eu.com\/?page_id=8731"},"modified":"2022-07-27T17:48:23","modified_gmt":"2022-07-27T16:48:23","slug":"snapshot-of-the-day","status":"publish","type":"page","link":"https:\/\/en.17egsc.weconnect.eu.com\/index.php\/snapshot-of-the-day\/","title":{"rendered":"Snapshot of the Day"},"content":{"rendered":"\t\t<div data-elementor-type=\"wp-page\" data-elementor-id=\"8731\" class=\"elementor elementor-8731\">\n\t\t\t\t\t\t\t\t\t<section class=\"elementor-section elementor-top-section elementor-element elementor-element-15cc0bb elementor-section-boxed elementor-section-height-default elementor-section-height-default\" data-id=\"15cc0bb\" data-element_type=\"section\">\n\t\t\t\t\t\t<div class=\"elementor-container elementor-column-gap-default\">\n\t\t\t\t\t<div class=\"elementor-column elementor-col-100 elementor-top-column elementor-element elementor-element-713ca08\" data-id=\"713ca08\" data-element_type=\"column\">\n\t\t\t<div class=\"elementor-widget-wrap elementor-element-populated\">\n\t\t\t\t\t\t\t\t<div class=\"elementor-element elementor-element-65d9d64 elementor-widget elementor-widget-spacer\" data-id=\"65d9d64\" data-element_type=\"widget\" data-widget_type=\"spacer.default\">\n\t\t\t\t<div class=\"elementor-widget-container\">\n\t\t\t<style>\/*! elementor - v3.6.6 - 08-06-2022 *\/\n.e-container.e-container--row .elementor-spacer-inner{width:var(--spacer-size)}.e-container.e-container--column .elementor-spacer-inner,.elementor-column .elementor-spacer-inner{height:var(--spacer-size)}<\/style>\t\t<div class=\"elementor-spacer\">\n\t\t\t<div class=\"elementor-spacer-inner\"><\/div>\n\t\t<\/div>\n\t\t\t\t<\/div>\n\t\t\t\t<\/div>\n\t\t\t\t<div class=\"elementor-element elementor-element-9a18cb8 elementor-widget elementor-widget-ova_heading\" data-id=\"9a18cb8\" data-element_type=\"widget\" data-widget_type=\"ova_heading.default\">\n\t\t\t\t<div class=\"elementor-widget-container\">\n\t\t\t\t\t<div class=\"ova_heading\">\n\t\t\t\t\t\t\t<h1 class=\"heading_title second_font\">Welcome<\/h1>\n\t\t\t\t\t\t\t\t\t\t<h2 class=\"sub_title second_font\">This is a page with information and documents pertaining to the 24th European Scout Conference. \n\n<\/h2>\n\t\t\t\t\t<\/div>\n\t\t\t\t<\/div>\n\t\t\t\t<\/div>\n\t\t\t\t<div class=\"elementor-element elementor-element-139e2d0 elementor-widget elementor-widget-ova_heading\" data-id=\"139e2d0\" data-element_type=\"widget\" data-widget_type=\"ova_heading.default\">\n\t\t\t\t<div class=\"elementor-widget-container\">\n\t\t\t\t\t<div class=\"ova_heading\">\n\t\t\t\t\t\t\t\t\t\t<h2 class=\"sub_title second_font\">A Snapshot of the Day will be regularly published here to feature outcomes, highlights, activities and key decisions from each  day  of the Conference. \n\n<\/h2>\n\t\t\t\t\t<\/div>\n\t\t\t\t<\/div>\n\t\t\t\t<\/div>\n\t\t\t\t\t<\/div>\n\t\t<\/div>\n\t\t\t\t\t\t\t<\/div>\n\t\t<\/section>\n\t\t\t\t<section class=\"elementor-section elementor-top-section elementor-element elementor-element-d6ebae4 elementor-section-boxed elementor-section-height-default elementor-section-height-default\" data-id=\"d6ebae4\" data-element_type=\"section\">\n\t\t\t\t\t\t<div class=\"elementor-container elementor-column-gap-default\">\n\t\t\t\t\t<div class=\"elementor-column elementor-col-100 elementor-top-column elementor-element elementor-element-32b398a\" data-id=\"32b398a\" data-element_type=\"column\">\n\t\t\t<div class=\"elementor-widget-wrap elementor-element-populated\">\n\t\t\t\t\t\t\t\t<div class=\"elementor-element elementor-element-02f0211 elementor-tabs-view-horizontal elementor-widget elementor-widget-tabs\" data-id=\"02f0211\" data-element_type=\"widget\" data-widget_type=\"tabs.default\">\n\t\t\t\t<div class=\"elementor-widget-container\">\n\t\t\t<style>\/*! elementor - v3.6.6 - 08-06-2022 *\/\n.elementor-widget-tabs.elementor-tabs-view-vertical .elementor-tabs-wrapper{width:25%;-ms-flex-negative:0;flex-shrink:0}.elementor-widget-tabs.elementor-tabs-view-vertical .elementor-tab-desktop-title.elementor-active{border-right-style:none}.elementor-widget-tabs.elementor-tabs-view-vertical .elementor-tab-desktop-title.elementor-active:after,.elementor-widget-tabs.elementor-tabs-view-vertical .elementor-tab-desktop-title.elementor-active:before{height:999em;width:0;right:0;border-right-style:solid}.elementor-widget-tabs.elementor-tabs-view-vertical .elementor-tab-desktop-title.elementor-active:before{top:0;-webkit-transform:translateY(-100%);-ms-transform:translateY(-100%);transform:translateY(-100%)}.elementor-widget-tabs.elementor-tabs-view-vertical .elementor-tab-desktop-title.elementor-active:after{top:100%}.elementor-widget-tabs.elementor-tabs-view-horizontal .elementor-tab-desktop-title{display:table-cell}.elementor-widget-tabs.elementor-tabs-view-horizontal .elementor-tab-desktop-title.elementor-active{border-bottom-style:none}.elementor-widget-tabs.elementor-tabs-view-horizontal .elementor-tab-desktop-title.elementor-active:after,.elementor-widget-tabs.elementor-tabs-view-horizontal .elementor-tab-desktop-title.elementor-active:before{bottom:0;height:0;width:999em;border-bottom-style:solid}.elementor-widget-tabs.elementor-tabs-view-horizontal .elementor-tab-desktop-title.elementor-active:before{right:100%}.elementor-widget-tabs.elementor-tabs-view-horizontal .elementor-tab-desktop-title.elementor-active:after{left:100%}.elementor-widget-tabs .elementor-tab-content,.elementor-widget-tabs .elementor-tab-title,.elementor-widget-tabs .elementor-tab-title:after,.elementor-widget-tabs .elementor-tab-title:before,.elementor-widget-tabs .elementor-tabs-content-wrapper{border:1px #d4d4d4}.elementor-widget-tabs .elementor-tabs{text-align:left}.elementor-widget-tabs .elementor-tabs-wrapper{overflow:hidden}.elementor-widget-tabs .elementor-tab-title{cursor:pointer;outline:var(--focus-outline,none)}.elementor-widget-tabs .elementor-tab-desktop-title{position:relative;padding:20px 25px;font-weight:700;line-height:1;border:solid transparent}.elementor-widget-tabs .elementor-tab-desktop-title.elementor-active{border-color:#d4d4d4}.elementor-widget-tabs .elementor-tab-desktop-title.elementor-active:after,.elementor-widget-tabs .elementor-tab-desktop-title.elementor-active:before{display:block;content:\"\";position:absolute}.elementor-widget-tabs .elementor-tab-mobile-title{padding:10px;cursor:pointer}.elementor-widget-tabs .elementor-tab-content{padding:20px;display:none}@media (max-width:767px){.elementor-tabs .elementor-tab-content,.elementor-tabs .elementor-tab-title{border-style:solid solid none}.elementor-tabs .elementor-tabs-wrapper{display:none}.elementor-tabs .elementor-tabs-content-wrapper{border-bottom-style:solid}.elementor-tabs .elementor-tab-content{padding:10px}}@media (min-width:768px){.elementor-widget-tabs.elementor-tabs-view-vertical .elementor-tabs{display:-webkit-box;display:-ms-flexbox;display:flex}.elementor-widget-tabs.elementor-tabs-view-vertical .elementor-tabs-wrapper{-webkit-box-orient:vertical;-webkit-box-direction:normal;-ms-flex-direction:column;flex-direction:column}.elementor-widget-tabs.elementor-tabs-view-vertical .elementor-tabs-content-wrapper{-webkit-box-flex:1;-ms-flex-positive:1;flex-grow:1;border-style:solid solid solid none}.elementor-widget-tabs.elementor-tabs-view-horizontal .elementor-tab-content{border-style:none solid solid}.elementor-widget-tabs.elementor-tabs-alignment-center .elementor-tabs-wrapper,.elementor-widget-tabs.elementor-tabs-alignment-end .elementor-tabs-wrapper,.elementor-widget-tabs.elementor-tabs-alignment-stretch .elementor-tabs-wrapper{display:-webkit-box;display:-ms-flexbox;display:flex}.elementor-widget-tabs.elementor-tabs-alignment-center .elementor-tabs-wrapper{-webkit-box-pack:center;-ms-flex-pack:center;justify-content:center}.elementor-widget-tabs.elementor-tabs-alignment-end .elementor-tabs-wrapper{-webkit-box-pack:end;-ms-flex-pack:end;justify-content:flex-end}.elementor-widget-tabs.elementor-tabs-alignment-stretch.elementor-tabs-view-horizontal .elementor-tab-title{width:100%}.elementor-widget-tabs.elementor-tabs-alignment-stretch.elementor-tabs-view-vertical .elementor-tab-title{height:100%}.elementor-tabs .elementor-tab-mobile-title{display:none}}<\/style>\t\t<div class=\"elementor-tabs\">\n\t\t\t<div class=\"elementor-tabs-wrapper\" role=\"tablist\" >\n\t\t\t\t\t\t\t\t\t<div id=\"elementor-tab-title-3081\" class=\"elementor-tab-title elementor-tab-desktop-title\" aria-selected=\"true\" data-tab=\"1\" role=\"tab\" tabindex=\"0\" aria-controls=\"elementor-tab-content-3081\" aria-expanded=\"false\">Day 1<\/div>\n\t\t\t\t\t\t\t\t\t<div id=\"elementor-tab-title-3082\" class=\"elementor-tab-title elementor-tab-desktop-title\" aria-selected=\"false\" data-tab=\"2\" role=\"tab\" tabindex=\"-1\" aria-controls=\"elementor-tab-content-3082\" aria-expanded=\"false\">Day 2<\/div>\n\t\t\t\t\t\t\t\t\t<div id=\"elementor-tab-title-3083\" class=\"elementor-tab-title elementor-tab-desktop-title\" aria-selected=\"false\" data-tab=\"3\" role=\"tab\" tabindex=\"-1\" aria-controls=\"elementor-tab-content-3083\" aria-expanded=\"false\">Day 3 <\/div>\n\t\t\t\t\t\t\t\t\t<div id=\"elementor-tab-title-3084\" class=\"elementor-tab-title elementor-tab-desktop-title\" aria-selected=\"false\" data-tab=\"4\" role=\"tab\" tabindex=\"-1\" aria-controls=\"elementor-tab-content-3084\" aria-expanded=\"false\">Day 4<\/div>\n\t\t\t\t\t\t\t<\/div>\n\t\t\t<div class=\"elementor-tabs-content-wrapper\" role=\"tablist\" aria-orientation=\"vertical\">\n\t\t\t\t\t\t\t\t\t<div class=\"elementor-tab-title elementor-tab-mobile-title\" aria-selected=\"true\" data-tab=\"1\" role=\"tab\" tabindex=\"0\" aria-controls=\"elementor-tab-content-3081\" aria-expanded=\"false\">Day 1<\/div>\n\t\t\t\t\t<div id=\"elementor-tab-content-3081\" class=\"elementor-tab-content elementor-clearfix\" data-tab=\"1\" role=\"tabpanel\" aria-labelledby=\"elementor-tab-title-3081\" tabindex=\"0\" hidden=\"false\"><h1><b>Highlights of our Opening Ceremony and Day 1<\/b><\/h1><p><div style=\"width: 1920px;\" class=\"wp-video\"><!--[if lt IE 9]><script>document.createElement('video');<\/script><![endif]-->\n<video class=\"wp-video-shortcode\" id=\"video-8731-1\" width=\"1920\" height=\"1080\" poster=\"https:\/\/en.17egsc.weconnect.eu.com\/wp-content\/uploads\/2019\/05\/WOSM_22_2_Opening-Ceremony-60-scaled.jpg\" preload=\"metadata\" controls=\"controls\"><source type=\"video\/mp4\" src=\"https:\/\/en.17egsc.weconnect.eu.com\/wp-content\/uploads\/2019\/05\/FRIDAY_COMP.mp4?_=1\" \/><a href=\"https:\/\/en.17egsc.weconnect.eu.com\/wp-content\/uploads\/2019\/05\/FRIDAY_COMP.mp4\">https:\/\/en.17egsc.weconnect.eu.com\/wp-content\/uploads\/2019\/05\/FRIDAY_COMP.mp4<\/a><\/video><\/div><\/p><p>\u00a0<\/p><p><span style=\"font-weight: 400;\">We\u2019ve officially opened the 17th European Guide and Scout Conference, gathering over 450 Scout and Guide delegates from all over Europe in Rotterdam, the Netherlands! An exciting opening ceremony welcomed us in front of the Laurenskerk, Rotterdam as we embark on a new journey for the next five days.<\/span><\/p><p><span style=\"font-weight: 400;\">Hosted by Scouting Netherlands, the ceremony featured a welcoming address by Lars Kramm and Eline Gr\u00f8holt, the chairs of European Scout Committee and WAGGGS Europe Committee.<\/span><\/p><p><span style=\"font-weight: 400;\">\u00a0<\/span><\/p><p><b><\/b><img loading=\"lazy\" decoding=\"async\" class=\"aligncenter wp-image-9451 size-large\" src=\"https:\/\/en.17egsc.weconnect.eu.com\/wp-content\/uploads\/2019\/05\/WOSM_22_2_Opening-Ceremony-60-1024x683.jpg\" alt=\"\" width=\"1024\" height=\"683\" srcset=\"https:\/\/en.17egsc.weconnect.eu.com\/wp-content\/uploads\/2019\/05\/WOSM_22_2_Opening-Ceremony-60-1024x683.jpg 1024w, https:\/\/en.17egsc.weconnect.eu.com\/wp-content\/uploads\/2019\/05\/WOSM_22_2_Opening-Ceremony-60-300x200.jpg 300w, https:\/\/en.17egsc.weconnect.eu.com\/wp-content\/uploads\/2019\/05\/WOSM_22_2_Opening-Ceremony-60-768x512.jpg 768w, https:\/\/en.17egsc.weconnect.eu.com\/wp-content\/uploads\/2019\/05\/WOSM_22_2_Opening-Ceremony-60-1536x1024.jpg 1536w, https:\/\/en.17egsc.weconnect.eu.com\/wp-content\/uploads\/2019\/05\/WOSM_22_2_Opening-Ceremony-60-2048x1365.jpg 2048w, https:\/\/en.17egsc.weconnect.eu.com\/wp-content\/uploads\/2019\/05\/WOSM_22_2_Opening-Ceremony-60-600x400.jpg 600w\" sizes=\"(max-width: 1024px) 100vw, 1024px\" \/><\/p><p>\u00a0<\/p><ul><li><b>Joint opening of the 17th European Guide and Scout Conference<\/b><\/li><\/ul><p>\u00a0<\/p><p><img loading=\"lazy\" decoding=\"async\" class=\"aligncenter wp-image-9452 size-large\" src=\"https:\/\/en.17egsc.weconnect.eu.com\/wp-content\/uploads\/2019\/05\/WOSM_23_2_17th-EGSC-Opening-72-1024x683.jpg\" alt=\"\" width=\"1024\" height=\"683\" srcset=\"https:\/\/en.17egsc.weconnect.eu.com\/wp-content\/uploads\/2019\/05\/WOSM_23_2_17th-EGSC-Opening-72-1024x683.jpg 1024w, https:\/\/en.17egsc.weconnect.eu.com\/wp-content\/uploads\/2019\/05\/WOSM_23_2_17th-EGSC-Opening-72-300x200.jpg 300w, https:\/\/en.17egsc.weconnect.eu.com\/wp-content\/uploads\/2019\/05\/WOSM_23_2_17th-EGSC-Opening-72-768x512.jpg 768w, https:\/\/en.17egsc.weconnect.eu.com\/wp-content\/uploads\/2019\/05\/WOSM_23_2_17th-EGSC-Opening-72-1536x1024.jpg 1536w, https:\/\/en.17egsc.weconnect.eu.com\/wp-content\/uploads\/2019\/05\/WOSM_23_2_17th-EGSC-Opening-72-2048x1365.jpg 2048w, https:\/\/en.17egsc.weconnect.eu.com\/wp-content\/uploads\/2019\/05\/WOSM_23_2_17th-EGSC-Opening-72-600x400.jpg 600w\" sizes=\"(max-width: 1024px) 100vw, 1024px\" \/><\/p><p>\u00a0<\/p><p><span style=\"font-weight: 400;\">During the first sessions, we had the opportunity to become more familiar with the eVoting system as delegates of both WAGGGS and WOSM voted on:\u00a0<\/span><\/p><ul><li style=\"font-weight: 400;\" aria-level=\"1\"><span style=\"font-weight: 400;\">Appointing Joint Conference Chairs<\/span><\/li><li style=\"font-weight: 400;\" aria-level=\"1\"><span style=\"font-weight: 400;\">Approval of Joint Agenda,\u00a0<\/span><\/li><li style=\"font-weight: 400;\" aria-level=\"1\"><span style=\"font-weight: 400;\">Approval of Joint Rules of Procedure<\/span><\/li><li style=\"font-weight: 400;\" aria-level=\"1\"><span style=\"font-weight: 400;\">Approval of Tellers and Recommendations Committee. <\/span><\/li><\/ul><p><span style=\"font-weight: 400;\">In the plenary, we had the chance to hear more about our joint work from Eline Gr\u00f8holt, Chairperson of the WAGGGS Europe Committee and Martin Persson, Vice chairperson of the European Scout Committee.\u00a0<\/span><\/p><p><span style=\"font-weight: 400;\">We were all taken on a journey \u201cNorth of the Ordinary\u201d in Norway\u2019s presentation of Roveryway 2024 and Austria&#8217;s bid for hosting of the 18th European Guide and Scout Conference.\u00a0<\/span><\/p><p>\u00a0<\/p><ul><li><b>Opening of the 24th European Scout Conference<\/b><\/li><\/ul><p>\u00a0<\/p><p><img loading=\"lazy\" decoding=\"async\" class=\"aligncenter wp-image-9453 size-large\" src=\"https:\/\/en.17egsc.weconnect.eu.com\/wp-content\/uploads\/2019\/05\/WOSM_23_3_24th-ESC-Opening-63-1024x683.jpg\" alt=\"\" width=\"1024\" height=\"683\" srcset=\"https:\/\/en.17egsc.weconnect.eu.com\/wp-content\/uploads\/2019\/05\/WOSM_23_3_24th-ESC-Opening-63-1024x683.jpg 1024w, https:\/\/en.17egsc.weconnect.eu.com\/wp-content\/uploads\/2019\/05\/WOSM_23_3_24th-ESC-Opening-63-300x200.jpg 300w, https:\/\/en.17egsc.weconnect.eu.com\/wp-content\/uploads\/2019\/05\/WOSM_23_3_24th-ESC-Opening-63-768x512.jpg 768w, https:\/\/en.17egsc.weconnect.eu.com\/wp-content\/uploads\/2019\/05\/WOSM_23_3_24th-ESC-Opening-63-1536x1024.jpg 1536w, https:\/\/en.17egsc.weconnect.eu.com\/wp-content\/uploads\/2019\/05\/WOSM_23_3_24th-ESC-Opening-63-2048x1365.jpg 2048w, https:\/\/en.17egsc.weconnect.eu.com\/wp-content\/uploads\/2019\/05\/WOSM_23_3_24th-ESC-Opening-63-600x400.jpg 600w\" sizes=\"(max-width: 1024px) 100vw, 1024px\" \/><\/p><p>\u00a0<\/p><p><span style=\"font-weight: 400;\">Day 1 also saw WOSM delegations confirm their attendance, and through our newly introduced eVoting system, delegates voted on appointing Conference Co-chairs, Elise Drouet and Julius Kramer, and approval of Tellers and Resolutions Committee.<\/span><\/p><p><span style=\"font-weight: 400;\">A presentation of the 2019-2022 Triennium Report allowed us to look back at our progress and successes in the past three years and celebrate our unity and resilience through the challenges of the past triennium. The report was presented by Lars Kramm, Martin Persson, Elena Sinkevi\u010di\u016bt\u0117, Joaquim Castro de Freitas, Julijana Daskalov, Matthias Gerth, the European Regional Committee, and Lana Husagic, Beatrice Leipute and Laura Neijenhuis, the Regional Coordinators.\u00a0<\/span><\/p><p><span style=\"font-weight: 400;\">We heard about the learning path during the pandemic, resilience,connections and wellbeing in a panel with Ahmad Alhendawi, WOSM Secretary General, Edward Andrew \u201dAndy\u201d Chapman, Chairperson of the World Scout Committee, Abir Koubaa, Regional Director of the European Scout Region, and Lars Kramm, Chairperson of the European Scout Committee and the European Scout Region Treasurer\u2019s report.\u00a0<\/span><\/p><p>\u00a0<\/p><ul><li><b>Regional Scout Plan 2019-2022<\/b><\/li><\/ul><p>\u00a0<\/p><p><img loading=\"lazy\" decoding=\"async\" class=\"aligncenter wp-image-9454 size-large\" src=\"https:\/\/en.17egsc.weconnect.eu.com\/wp-content\/uploads\/2019\/05\/WOSM_23_4_Regional-Scout-Report-Breakout-1-1024x683.jpg\" alt=\"\" width=\"1024\" height=\"683\" srcset=\"https:\/\/en.17egsc.weconnect.eu.com\/wp-content\/uploads\/2019\/05\/WOSM_23_4_Regional-Scout-Report-Breakout-1-1024x683.jpg 1024w, https:\/\/en.17egsc.weconnect.eu.com\/wp-content\/uploads\/2019\/05\/WOSM_23_4_Regional-Scout-Report-Breakout-1-300x200.jpg 300w, https:\/\/en.17egsc.weconnect.eu.com\/wp-content\/uploads\/2019\/05\/WOSM_23_4_Regional-Scout-Report-Breakout-1-768x512.jpg 768w, https:\/\/en.17egsc.weconnect.eu.com\/wp-content\/uploads\/2019\/05\/WOSM_23_4_Regional-Scout-Report-Breakout-1-1536x1024.jpg 1536w, https:\/\/en.17egsc.weconnect.eu.com\/wp-content\/uploads\/2019\/05\/WOSM_23_4_Regional-Scout-Report-Breakout-1-2048x1365.jpg 2048w, https:\/\/en.17egsc.weconnect.eu.com\/wp-content\/uploads\/2019\/05\/WOSM_23_4_Regional-Scout-Report-Breakout-1-600x400.jpg 600w\" sizes=\"(max-width: 1024px) 100vw, 1024px\" \/><\/p><p>\u00a0<\/p><p><span style=\"font-weight: 400;\">We interacted in small groups to report on the Regional Scout Plan 2019-2022 as we dispersed into breakout sessions to discuss its strategic priorities: Sustainability, Diversity &amp; Inclusion, Impact of Scouting as well as External Relations and Coordination and Support.<\/span><\/p><p>\u00a0<\/p><p><img loading=\"lazy\" decoding=\"async\" class=\"aligncenter wp-image-9455 size-large\" src=\"https:\/\/en.17egsc.weconnect.eu.com\/wp-content\/uploads\/2019\/05\/WOSM_23_5_Meet-The-Candidates-breakout-26-1024x683.jpg\" alt=\"\" width=\"1024\" height=\"683\" srcset=\"https:\/\/en.17egsc.weconnect.eu.com\/wp-content\/uploads\/2019\/05\/WOSM_23_5_Meet-The-Candidates-breakout-26-1024x683.jpg 1024w, https:\/\/en.17egsc.weconnect.eu.com\/wp-content\/uploads\/2019\/05\/WOSM_23_5_Meet-The-Candidates-breakout-26-300x200.jpg 300w, https:\/\/en.17egsc.weconnect.eu.com\/wp-content\/uploads\/2019\/05\/WOSM_23_5_Meet-The-Candidates-breakout-26-768x512.jpg 768w, https:\/\/en.17egsc.weconnect.eu.com\/wp-content\/uploads\/2019\/05\/WOSM_23_5_Meet-The-Candidates-breakout-26-1536x1024.jpg 1536w, https:\/\/en.17egsc.weconnect.eu.com\/wp-content\/uploads\/2019\/05\/WOSM_23_5_Meet-The-Candidates-breakout-26-2048x1365.jpg 2048w, https:\/\/en.17egsc.weconnect.eu.com\/wp-content\/uploads\/2019\/05\/WOSM_23_5_Meet-The-Candidates-breakout-26-600x400.jpg 600w\" sizes=\"(max-width: 1024px) 100vw, 1024px\" \/><\/p><p>\u00a0<\/p><p><span style=\"font-weight: 400;\">In a caf\u00e9 format, we had the wonderful opportunity to meet and get to know both WOSM and WAGGGS Candidates running for election to the European Committee. <\/span><span style=\"font-weight: 400;\">We met the WOSM Candidates: J\u00e9r\u00e9my Apert, P\u00e9ter Bedekovics, Matthias Gerth, Nenad Jovanovski, Martin Seeman, Diana Slabu, Boris Vujnovi\u0107, Wouter Zilverberg. You may take a look at their presentation <\/span><a href=\"https:\/\/en.17egsc.weconnect.eu.com\/index.php\/candidates\/\"><span style=\"font-weight: 400;\">here<\/span><\/a><span style=\"font-weight: 400;\">.\u00a0<\/span><\/p><p>\u00a0<\/p><ul><li aria-level=\"1\"><b>International evening\u00a0<\/b><\/li><\/ul><p>\u00a0<\/p><p><span style=\"font-weight: 400;\"><img loading=\"lazy\" decoding=\"async\" class=\"size-large wp-image-9521 aligncenter\" src=\"https:\/\/en.17egsc.weconnect.eu.com\/wp-content\/uploads\/2019\/05\/52237425583_01aeb88881_o-1024x683.jpg\" alt=\"\" width=\"1024\" height=\"683\" srcset=\"https:\/\/en.17egsc.weconnect.eu.com\/wp-content\/uploads\/2019\/05\/52237425583_01aeb88881_o-1024x683.jpg 1024w, https:\/\/en.17egsc.weconnect.eu.com\/wp-content\/uploads\/2019\/05\/52237425583_01aeb88881_o-300x200.jpg 300w, https:\/\/en.17egsc.weconnect.eu.com\/wp-content\/uploads\/2019\/05\/52237425583_01aeb88881_o-768x512.jpg 768w, https:\/\/en.17egsc.weconnect.eu.com\/wp-content\/uploads\/2019\/05\/52237425583_01aeb88881_o-1536x1024.jpg 1536w, https:\/\/en.17egsc.weconnect.eu.com\/wp-content\/uploads\/2019\/05\/52237425583_01aeb88881_o-2048x1365.jpg 2048w, https:\/\/en.17egsc.weconnect.eu.com\/wp-content\/uploads\/2019\/05\/52237425583_01aeb88881_o-600x400.jpg 600w\" sizes=\"(max-width: 1024px) 100vw, 1024px\" \/><\/span><\/p><p>\u00a0<\/p><p><span style=\"font-weight: 400;\">To celebrate our diversity, delegations gathered in the city centre to showcase their cultures through giving us a taste of their local foods, traditions, traditional wear and music in this vibrant exhibition.<\/span><\/p><p><span style=\"font-weight: 400;\">\u00a0<\/span><\/p><ul><li aria-level=\"1\"><b>Follow us<\/b><\/li><\/ul><p><b><\/b><br \/><span style=\"font-weight: 400;\">Stay up\u2013to\u2013date with the latest updates of the Conference on the regional official social media channels on <\/span><a href=\"https:\/\/www.facebook.com\/ScoutinginEurope\"><span style=\"font-weight: 400;\">Facebook<\/span><\/a><span style=\"font-weight: 400;\"> and <\/span><a href=\"https:\/\/twitter.com\/ScoutingEurope\"><span style=\"font-weight: 400;\">Twitter<\/span><\/a><span style=\"font-weight: 400;\">. You can follow the plenary sessions live on our Facebook page, every day from 09:00 a.m. CEST.\u00a0 <\/span><\/p><p><span style=\"font-weight: 400;\">Your feedback is important as it helps us offer you the best experience. Please remember to rate the <\/span><span style=\"font-weight: 400;\">Conference<\/span><span style=\"font-weight: 400;\"> and fill out the <\/span><a href=\"https:\/\/linktr.ee\/rotterdam2022\"><span style=\"font-weight: 400;\">daily surveys<\/span><\/a><span style=\"font-weight: 400;\">.<\/span><\/p><\/div>\n\t\t\t\t\t\t\t\t\t<div class=\"elementor-tab-title elementor-tab-mobile-title\" aria-selected=\"false\" data-tab=\"2\" role=\"tab\" tabindex=\"-1\" aria-controls=\"elementor-tab-content-3082\" aria-expanded=\"false\">Day 2<\/div>\n\t\t\t\t\t<div id=\"elementor-tab-content-3082\" class=\"elementor-tab-content elementor-clearfix\" data-tab=\"2\" role=\"tabpanel\" aria-labelledby=\"elementor-tab-title-3082\" tabindex=\"0\" hidden=\"hidden\"><h1><strong>Highlights of Day 2\u00a0<\/strong><\/h1><p><span style=\"font-weight: 400;\">We gathered for a second day at the 24th European Scout Conference! This eventful day was filled with inspiring panels, comprehensive presentations and workshops that made us learn more about partner organizations, Scouting initiatives and the draft of the Triennial Plan 2022-2025.\u00a0<\/span><\/p><p><span style=\"font-weight: 400;\">Following our action-packed day, the Rotterdam evening took us on a discovery adventure that unraveled various parts of the port city through a series of Scouting activities.<\/span><\/p><p>\u00a0<\/p><p><img loading=\"lazy\" decoding=\"async\" class=\"size-large wp-image-9639 aligncenter\" src=\"https:\/\/en.17egsc.weconnect.eu.com\/wp-content\/uploads\/2019\/05\/WOSM_24_1_Morning-Announcements-1-1024x683.jpg\" alt=\"\" width=\"1024\" height=\"683\" srcset=\"https:\/\/en.17egsc.weconnect.eu.com\/wp-content\/uploads\/2019\/05\/WOSM_24_1_Morning-Announcements-1-1024x683.jpg 1024w, https:\/\/en.17egsc.weconnect.eu.com\/wp-content\/uploads\/2019\/05\/WOSM_24_1_Morning-Announcements-1-300x200.jpg 300w, https:\/\/en.17egsc.weconnect.eu.com\/wp-content\/uploads\/2019\/05\/WOSM_24_1_Morning-Announcements-1-768x512.jpg 768w, https:\/\/en.17egsc.weconnect.eu.com\/wp-content\/uploads\/2019\/05\/WOSM_24_1_Morning-Announcements-1-1536x1024.jpg 1536w, https:\/\/en.17egsc.weconnect.eu.com\/wp-content\/uploads\/2019\/05\/WOSM_24_1_Morning-Announcements-1-2048x1365.jpg 2048w, https:\/\/en.17egsc.weconnect.eu.com\/wp-content\/uploads\/2019\/05\/WOSM_24_1_Morning-Announcements-1-600x400.jpg 600w\" sizes=\"(max-width: 1024px) 100vw, 1024px\" \/><\/p><p>\u00a0<\/p><p><b>Inspiring the Region &#8211; The Europe we need (and how Scouting can help)<\/b><\/p><p><br \/><img loading=\"lazy\" decoding=\"async\" class=\"size-large wp-image-9640 aligncenter\" src=\"https:\/\/en.17egsc.weconnect.eu.com\/wp-content\/uploads\/2019\/05\/WOSM_24_2_Plenary-Sessions-23-1024x683.jpg\" alt=\"\" width=\"1024\" height=\"683\" srcset=\"https:\/\/en.17egsc.weconnect.eu.com\/wp-content\/uploads\/2019\/05\/WOSM_24_2_Plenary-Sessions-23-1024x683.jpg 1024w, https:\/\/en.17egsc.weconnect.eu.com\/wp-content\/uploads\/2019\/05\/WOSM_24_2_Plenary-Sessions-23-300x200.jpg 300w, https:\/\/en.17egsc.weconnect.eu.com\/wp-content\/uploads\/2019\/05\/WOSM_24_2_Plenary-Sessions-23-768x512.jpg 768w, https:\/\/en.17egsc.weconnect.eu.com\/wp-content\/uploads\/2019\/05\/WOSM_24_2_Plenary-Sessions-23-1536x1024.jpg 1536w, https:\/\/en.17egsc.weconnect.eu.com\/wp-content\/uploads\/2019\/05\/WOSM_24_2_Plenary-Sessions-23-2048x1365.jpg 2048w, https:\/\/en.17egsc.weconnect.eu.com\/wp-content\/uploads\/2019\/05\/WOSM_24_2_Plenary-Sessions-23-600x400.jpg 600w\" sizes=\"(max-width: 1024px) 100vw, 1024px\" \/><\/p><p>\u00a0<\/p><p><span style=\"font-weight: 400;\">Following the morning reflections on hope, we kicked-off our day with the \u201cInspiring the Region\u201d moment, a session that welcomed three speakers on stage who addressed the Conference and explored an interesting perspective on \u201cThe Europe we need (and how Scouting can help)\u201d<\/span><\/p><p><span style=\"font-weight: 400;\">The panel featured Pamela Akplogan, Director of Youth, Sport and Citizenship at Organisation Internationale de la Francophonie, Ailbhe Finn, Secretary General of the Social Platform and Silja Markklula, President of the European Youth Forum. The panelists answered many questions about diversity and inclusion, sustainability, civil society and how they envisage the future of youth in Europe.\u00a0\u00a0\u00a0\u00a0\u00a0<\/span><\/p><p><span style=\"font-weight: 400;\">The panelists concluded that youth engagement is key to \u201clisten to the needs of an ever-changing society in order to build successful relations, to establish solid connections and to create inclusive spaces.\u201d<\/span><\/p><p><br \/><b>WOSM\u2019s global level inputs and key initiatives <\/b><br \/><br \/><\/p><p><img loading=\"lazy\" decoding=\"async\" class=\"size-large wp-image-9641 aligncenter\" src=\"https:\/\/en.17egsc.weconnect.eu.com\/wp-content\/uploads\/2019\/05\/WOSM_24_3_WOSM-World-Level-Input-28-1024x683.jpg\" alt=\"\" width=\"1024\" height=\"683\" srcset=\"https:\/\/en.17egsc.weconnect.eu.com\/wp-content\/uploads\/2019\/05\/WOSM_24_3_WOSM-World-Level-Input-28-1024x683.jpg 1024w, https:\/\/en.17egsc.weconnect.eu.com\/wp-content\/uploads\/2019\/05\/WOSM_24_3_WOSM-World-Level-Input-28-300x200.jpg 300w, https:\/\/en.17egsc.weconnect.eu.com\/wp-content\/uploads\/2019\/05\/WOSM_24_3_WOSM-World-Level-Input-28-768x512.jpg 768w, https:\/\/en.17egsc.weconnect.eu.com\/wp-content\/uploads\/2019\/05\/WOSM_24_3_WOSM-World-Level-Input-28-1536x1024.jpg 1536w, https:\/\/en.17egsc.weconnect.eu.com\/wp-content\/uploads\/2019\/05\/WOSM_24_3_WOSM-World-Level-Input-28-2048x1365.jpg 2048w, https:\/\/en.17egsc.weconnect.eu.com\/wp-content\/uploads\/2019\/05\/WOSM_24_3_WOSM-World-Level-Input-28-600x400.jpg 600w\" sizes=\"(max-width: 1024px) 100vw, 1024px\" \/><\/p><p>\u00a0<\/p><p><span style=\"font-weight: 400;\">We engaged in a broader and global look at Scouting with World Scout Committee members Wayne Davis, Jo Deman and Pia Melin Graasb\u00f8ll who covered the next strategy for Scouting, WOSM global initiatives including the Scouts for SDGs and Safe from Harm.<\/span><\/p><p><span style=\"font-weight: 400;\">\u201cTo have a full understanding of what our Movement needs, we\u2019ll be talking to youth members, local leaders, volunteers and Committee members but also to external partners and young people that are not Scouts, in order to create global conversations on what we expect from the future of Scouting and how the better world that we want to create is going to look like,\u201d said Jo Deman, Vice-chair of World Scout Committee. <\/span><\/p><p><br \/><b>Regional Scout Plan 2022-2025<\/b><\/p><p>\u00a0<\/p><p><img loading=\"lazy\" decoding=\"async\" class=\"aligncenter wp-image-9642 size-large\" src=\"https:\/\/en.17egsc.weconnect.eu.com\/wp-content\/uploads\/2019\/05\/WOSM_24_4_-Regional-Scout-Plan-22-1024x683.jpg\" alt=\"\" width=\"1024\" height=\"683\" srcset=\"https:\/\/en.17egsc.weconnect.eu.com\/wp-content\/uploads\/2019\/05\/WOSM_24_4_-Regional-Scout-Plan-22-1024x683.jpg 1024w, https:\/\/en.17egsc.weconnect.eu.com\/wp-content\/uploads\/2019\/05\/WOSM_24_4_-Regional-Scout-Plan-22-300x200.jpg 300w, https:\/\/en.17egsc.weconnect.eu.com\/wp-content\/uploads\/2019\/05\/WOSM_24_4_-Regional-Scout-Plan-22-768x512.jpg 768w, https:\/\/en.17egsc.weconnect.eu.com\/wp-content\/uploads\/2019\/05\/WOSM_24_4_-Regional-Scout-Plan-22-1536x1024.jpg 1536w, https:\/\/en.17egsc.weconnect.eu.com\/wp-content\/uploads\/2019\/05\/WOSM_24_4_-Regional-Scout-Plan-22-2048x1365.jpg 2048w, https:\/\/en.17egsc.weconnect.eu.com\/wp-content\/uploads\/2019\/05\/WOSM_24_4_-Regional-Scout-Plan-22-600x400.jpg 600w\" sizes=\"(max-width: 1024px) 100vw, 1024px\" \/><\/p><p>\u00a0<\/p><p><span style=\"font-weight: 400;\">Concluding a very unique triennium, which included a global pandemic that shifted many priorities and activities, we had the chance to dive into the future and build on lessons learned for a new and strategic plan. The next Regional Scout Plan has been named &#8220;Strong, Innovative, Green&#8221; as by strengthening our resilience we are equipped to withstand and manage future challenges while remaining innovative and keeping sustainability at the heart of our work.<\/span><\/p><p><span style=\"font-weight: 400;\">To do so, three strategic priorities have been identified for the next plan: Organizational Resilience, Educational Methods and Environmental Sustainability.\u00a0<\/span><\/p><p><span style=\"font-weight: 400;\">Following a presentation of the draft plan and its priorities, a round-table discussion and Q&amp;A session gave us the opportunity to inquire in smaller groups and offer inputs.<\/span><\/p><p><br \/><b>Regional Scout Plan 2022-2025 Breakouts<\/b><\/p><p>\u00a0<\/p><p><img loading=\"lazy\" decoding=\"async\" class=\"size-large wp-image-9643 aligncenter\" src=\"https:\/\/en.17egsc.weconnect.eu.com\/wp-content\/uploads\/2019\/05\/WOSM_24_4_-Regional-Scout-Plan-69-1024x683.jpg\" alt=\"\" width=\"1024\" height=\"683\" srcset=\"https:\/\/en.17egsc.weconnect.eu.com\/wp-content\/uploads\/2019\/05\/WOSM_24_4_-Regional-Scout-Plan-69-1024x683.jpg 1024w, https:\/\/en.17egsc.weconnect.eu.com\/wp-content\/uploads\/2019\/05\/WOSM_24_4_-Regional-Scout-Plan-69-300x200.jpg 300w, https:\/\/en.17egsc.weconnect.eu.com\/wp-content\/uploads\/2019\/05\/WOSM_24_4_-Regional-Scout-Plan-69-768x512.jpg 768w, https:\/\/en.17egsc.weconnect.eu.com\/wp-content\/uploads\/2019\/05\/WOSM_24_4_-Regional-Scout-Plan-69-1536x1024.jpg 1536w, https:\/\/en.17egsc.weconnect.eu.com\/wp-content\/uploads\/2019\/05\/WOSM_24_4_-Regional-Scout-Plan-69-2048x1365.jpg 2048w, https:\/\/en.17egsc.weconnect.eu.com\/wp-content\/uploads\/2019\/05\/WOSM_24_4_-Regional-Scout-Plan-69-600x400.jpg 600w\" sizes=\"(max-width: 1024px) 100vw, 1024px\" \/><\/p><p>\u00a0<\/p><p>A<span style=\"font-weight: 400;\">s we joined breakout sessions that focused on a specific priority of the Regional Scout Plan, we were able to collaborate with peers and contribute with recommendations for potential actions that will help deliver the plan successfully.\u00a0<\/span><\/p><p><span style=\"font-weight: 400;\">The inputs we identified will be summarized and reviewed by the new Regional Committee who will help in preparing the action plan and identify opportunities to ensure an alignment between the Regional Scout Plan and Member Organizations. <\/span><\/p><p>\u00a0<\/p><p><b>Rotterdam evening\u00a0<\/b><\/p><p><br \/><span style=\"font-weight: 400;\">We explored the city as we formed smaller groups and discovered the city of Rotterdam through four interactive and educational activities organized by Scouting Nederland. The activities were: <\/span><span style=\"font-weight: 400;\">Below Sea-level: the Maeslantkering storm surge barrier, Night at the Park, Dutch Camp Experience and Sail the Waves. <\/span><\/p><p>\u00a0<\/p><p><b>Follow us, stay up to date<\/b><\/p><p>\u00a0<\/p><p><span style=\"font-weight: 400;\">Stay up to date with the latest updates of the Conference on the regional official social media channels on <\/span><a href=\"https:\/\/www.facebook.com\/ScoutinginEurope\"><span style=\"font-weight: 400;\">Facebook<\/span><\/a><span style=\"font-weight: 400;\"> and <\/span><a href=\"https:\/\/twitter.com\/ScoutingEurope\"><span style=\"font-weight: 400;\">Twitter<\/span><\/a><span style=\"font-weight: 400;\">. You can follow the plenary sessions live on our Facebook page, every day from 09:00 a.m CEST.\u00a0\u00a0<\/span><\/p><p><span style=\"font-weight: 400;\">Your feedback is important as it helps us offer you the best experience. Please remember to rate the <\/span><span style=\"font-weight: 400;\">Conference<\/span><span style=\"font-weight: 400;\"> and fill out the <\/span><a href=\"https:\/\/linktr.ee\/rotterdam2022\"><span style=\"font-weight: 400;\">daily surveys<\/span><\/a><span style=\"font-weight: 400;\">.<\/span><\/p><\/div>\n\t\t\t\t\t\t\t\t\t<div class=\"elementor-tab-title elementor-tab-mobile-title\" aria-selected=\"false\" data-tab=\"3\" role=\"tab\" tabindex=\"-1\" aria-controls=\"elementor-tab-content-3083\" aria-expanded=\"false\">Day 3 <\/div>\n\t\t\t\t\t<div id=\"elementor-tab-content-3083\" class=\"elementor-tab-content elementor-clearfix\" data-tab=\"3\" role=\"tabpanel\" aria-labelledby=\"elementor-tab-title-3083\" tabindex=\"0\" hidden=\"hidden\"><h1><b>Highlights of Day 3<\/b><\/h1><p>\u00a0<\/p><p><span style=\"font-weight: 400;\">The eventful third day of the Conference presented us with important announcements, networking opportunities, insightful breakouts sessions and compelling presentations of upcoming Scout events.<\/span><\/p><p><span style=\"font-weight: 400;\">One major highlight of our day was casting our votes to elect the new members to the European Scout Committee for the 2022-2025 triennium. A total of 37 Member Organizations registered to engage in the voting process.<\/span><\/p><p>\u00a0<\/p><p><img loading=\"lazy\" decoding=\"async\" class=\"size-large wp-image-9672 aligncenter\" src=\"https:\/\/en.17egsc.weconnect.eu.com\/wp-content\/uploads\/2019\/05\/WOSM_25_2_-WOSM-Committee-elections-and-event-presentation-3-1024x683.jpg\" alt=\"\" width=\"1024\" height=\"683\" srcset=\"https:\/\/en.17egsc.weconnect.eu.com\/wp-content\/uploads\/2019\/05\/WOSM_25_2_-WOSM-Committee-elections-and-event-presentation-3-1024x683.jpg 1024w, https:\/\/en.17egsc.weconnect.eu.com\/wp-content\/uploads\/2019\/05\/WOSM_25_2_-WOSM-Committee-elections-and-event-presentation-3-300x200.jpg 300w, https:\/\/en.17egsc.weconnect.eu.com\/wp-content\/uploads\/2019\/05\/WOSM_25_2_-WOSM-Committee-elections-and-event-presentation-3-768x512.jpg 768w, https:\/\/en.17egsc.weconnect.eu.com\/wp-content\/uploads\/2019\/05\/WOSM_25_2_-WOSM-Committee-elections-and-event-presentation-3-1536x1024.jpg 1536w, https:\/\/en.17egsc.weconnect.eu.com\/wp-content\/uploads\/2019\/05\/WOSM_25_2_-WOSM-Committee-elections-and-event-presentation-3-2048x1365.jpg 2048w, https:\/\/en.17egsc.weconnect.eu.com\/wp-content\/uploads\/2019\/05\/WOSM_25_2_-WOSM-Committee-elections-and-event-presentation-3-600x400.jpg 600w\" sizes=\"(max-width: 1024px) 100vw, 1024px\" \/><\/p><p>\u00a0<\/p><p><b>Election of the European Regional Committee 2022-2025\u00a0<\/b><\/p><p>\u00a0<\/p><p><img loading=\"lazy\" decoding=\"async\" class=\"size-large wp-image-9673 aligncenter\" src=\"https:\/\/en.17egsc.weconnect.eu.com\/wp-content\/uploads\/2019\/05\/WOSM_25_2_-WOSM-Committee-elections-and-event-presentation-79-1024x683.jpg\" alt=\"\" width=\"1024\" height=\"683\" srcset=\"https:\/\/en.17egsc.weconnect.eu.com\/wp-content\/uploads\/2019\/05\/WOSM_25_2_-WOSM-Committee-elections-and-event-presentation-79-1024x683.jpg 1024w, https:\/\/en.17egsc.weconnect.eu.com\/wp-content\/uploads\/2019\/05\/WOSM_25_2_-WOSM-Committee-elections-and-event-presentation-79-300x200.jpg 300w, https:\/\/en.17egsc.weconnect.eu.com\/wp-content\/uploads\/2019\/05\/WOSM_25_2_-WOSM-Committee-elections-and-event-presentation-79-768x512.jpg 768w, https:\/\/en.17egsc.weconnect.eu.com\/wp-content\/uploads\/2019\/05\/WOSM_25_2_-WOSM-Committee-elections-and-event-presentation-79-1536x1024.jpg 1536w, https:\/\/en.17egsc.weconnect.eu.com\/wp-content\/uploads\/2019\/05\/WOSM_25_2_-WOSM-Committee-elections-and-event-presentation-79-2048x1365.jpg 2048w, https:\/\/en.17egsc.weconnect.eu.com\/wp-content\/uploads\/2019\/05\/WOSM_25_2_-WOSM-Committee-elections-and-event-presentation-79-600x400.jpg 600w\" sizes=\"(max-width: 1024px) 100vw, 1024px\" \/><\/p><p>\u00a0<\/p><p><span style=\"font-weight: 400;\">During the plenary session delegates logged on to the eVoting system and voted on the new European Regional Committee 2022-2025. We are pleased to congratulate the elected Committee members: <\/span><\/p><p><span style=\"font-weight: 400;\">J\u00e9r\u00e9my Apert\u00a0<\/span><\/p><p><span style=\"font-weight: 400;\">Matthias Gerth<\/span><\/p><p><span style=\"font-weight: 400;\">Martin Seemann<\/span><\/p><p><span style=\"font-weight: 400;\">Diana Slabu<\/span><\/p><p><span style=\"font-weight: 400;\">Boris Vujnovic\u0301<\/span><\/p><p><span style=\"font-weight: 400;\">Wouter Zilverberg <\/span><\/p><p>\u00a0<\/p><p><b>WOSM Events and Bronze Wolf Ceremony<\/b><\/p><p>\u00a0<\/p><p><img loading=\"lazy\" decoding=\"async\" class=\"size-large wp-image-9674 aligncenter\" src=\"https:\/\/en.17egsc.weconnect.eu.com\/wp-content\/uploads\/2019\/05\/WOSM_25_2_-WOSM-Committee-elections-and-event-presentation-73-1024x683.jpg\" alt=\"\" width=\"1024\" height=\"683\" srcset=\"https:\/\/en.17egsc.weconnect.eu.com\/wp-content\/uploads\/2019\/05\/WOSM_25_2_-WOSM-Committee-elections-and-event-presentation-73-1024x683.jpg 1024w, https:\/\/en.17egsc.weconnect.eu.com\/wp-content\/uploads\/2019\/05\/WOSM_25_2_-WOSM-Committee-elections-and-event-presentation-73-300x200.jpg 300w, https:\/\/en.17egsc.weconnect.eu.com\/wp-content\/uploads\/2019\/05\/WOSM_25_2_-WOSM-Committee-elections-and-event-presentation-73-768x512.jpg 768w, https:\/\/en.17egsc.weconnect.eu.com\/wp-content\/uploads\/2019\/05\/WOSM_25_2_-WOSM-Committee-elections-and-event-presentation-73-1536x1024.jpg 1536w, https:\/\/en.17egsc.weconnect.eu.com\/wp-content\/uploads\/2019\/05\/WOSM_25_2_-WOSM-Committee-elections-and-event-presentation-73-2048x1365.jpg 2048w, https:\/\/en.17egsc.weconnect.eu.com\/wp-content\/uploads\/2019\/05\/WOSM_25_2_-WOSM-Committee-elections-and-event-presentation-73-600x400.jpg 600w\" sizes=\"(max-width: 1024px) 100vw, 1024px\" \/><\/p><p>\u00a0<\/p><p><span style=\"font-weight: 400;\">We were thrilled to learn more about the exciting plans for the upcoming 25th World Scout Jamboree in Korea, the 43rd World Scout Conference in Egypt and the World Scout Moot 2025 in Portugal.\u00a0<\/span><\/p><p><span style=\"font-weight: 400;\">Kandersteg International Scout Centre (KISC) and European Scout Foundation took the stage, sharing their reflections of the past triennium, priorities for the way forward and their methods of engaging with volunteers and Member Organizations.\u00a0<\/span><\/p><p><span style=\"font-weight: 400;\">During the session, we celebrated Karin Ahlb\u00e4ck in a Bronze Wolf Ceremony as she was awarded a Bronze Wolf for her years of dedication, service and contribution to the Scout Movement.<\/span><\/p><p>\u00a0<\/p><p><b>World Scouting Showcase<\/b><\/p><p>\u00a0<\/p><p><img loading=\"lazy\" decoding=\"async\" class=\"size-large wp-image-9675 aligncenter\" src=\"https:\/\/en.17egsc.weconnect.eu.com\/wp-content\/uploads\/2019\/05\/WOSM_25_3_WOSM-World-Level-input-breakout-sessions-7-1024x683.jpg\" alt=\"\" width=\"1024\" height=\"683\" srcset=\"https:\/\/en.17egsc.weconnect.eu.com\/wp-content\/uploads\/2019\/05\/WOSM_25_3_WOSM-World-Level-input-breakout-sessions-7-1024x683.jpg 1024w, https:\/\/en.17egsc.weconnect.eu.com\/wp-content\/uploads\/2019\/05\/WOSM_25_3_WOSM-World-Level-input-breakout-sessions-7-300x200.jpg 300w, https:\/\/en.17egsc.weconnect.eu.com\/wp-content\/uploads\/2019\/05\/WOSM_25_3_WOSM-World-Level-input-breakout-sessions-7-768x512.jpg 768w, https:\/\/en.17egsc.weconnect.eu.com\/wp-content\/uploads\/2019\/05\/WOSM_25_3_WOSM-World-Level-input-breakout-sessions-7-1536x1024.jpg 1536w, https:\/\/en.17egsc.weconnect.eu.com\/wp-content\/uploads\/2019\/05\/WOSM_25_3_WOSM-World-Level-input-breakout-sessions-7-2048x1365.jpg 2048w, https:\/\/en.17egsc.weconnect.eu.com\/wp-content\/uploads\/2019\/05\/WOSM_25_3_WOSM-World-Level-input-breakout-sessions-7-600x400.jpg 600w\" sizes=\"(max-width: 1024px) 100vw, 1024px\" \/><\/p><p>\u00a0<\/p><p><span style=\"font-weight: 400;\">The World Scouting Showcase exhibition was a compilation of simultaneous breakout sessions, where we were able to dive deeper into WOSM\u2019s global practices, initiatives and plans, tackling an array of topics from Safe from Harm and Environmental Sustainability to Financial Management and Youth Engagement in Decision Making. <\/span><\/p><p>\u00a0<\/p><p><b>17th EGSC networking &amp; sharing best practices\u00a0<\/b><\/p><p>\u00a0<\/p><p><img loading=\"lazy\" decoding=\"async\" class=\"size-large wp-image-9676 aligncenter\" src=\"https:\/\/en.17egsc.weconnect.eu.com\/wp-content\/uploads\/2019\/05\/WOSM_25_4_17th-EGSC-Networking-15-1024x683.jpg\" alt=\"\" width=\"1024\" height=\"683\" srcset=\"https:\/\/en.17egsc.weconnect.eu.com\/wp-content\/uploads\/2019\/05\/WOSM_25_4_17th-EGSC-Networking-15-1024x683.jpg 1024w, https:\/\/en.17egsc.weconnect.eu.com\/wp-content\/uploads\/2019\/05\/WOSM_25_4_17th-EGSC-Networking-15-300x200.jpg 300w, https:\/\/en.17egsc.weconnect.eu.com\/wp-content\/uploads\/2019\/05\/WOSM_25_4_17th-EGSC-Networking-15-768x512.jpg 768w, https:\/\/en.17egsc.weconnect.eu.com\/wp-content\/uploads\/2019\/05\/WOSM_25_4_17th-EGSC-Networking-15-1536x1024.jpg 1536w, https:\/\/en.17egsc.weconnect.eu.com\/wp-content\/uploads\/2019\/05\/WOSM_25_4_17th-EGSC-Networking-15-2048x1365.jpg 2048w, https:\/\/en.17egsc.weconnect.eu.com\/wp-content\/uploads\/2019\/05\/WOSM_25_4_17th-EGSC-Networking-15-600x400.jpg 600w\" sizes=\"(max-width: 1024px) 100vw, 1024px\" \/><\/p><p>\u00a0<\/p><p><span style=\"font-weight: 400;\">In an interactive joint session, members of WAGGGS and WOSM showcased some of their best practices in regard to measuring the social impact of Scouting, organizing sustainable national events, involving young people in decision-making processes, the Growth Potential Project, WOSM\u2019s humanitarian partnership with UNICEF for Ukraine and the European Scout Region\u2019s advocacy position papers.This was a remarkable opportunity to learn from each other\u2019s experiences and build on successes and important lessons for our future planning and creating the best environment for young people to thrive.<\/span><\/p><p>\u00a0<\/p><p><b>Follow us, stay up to date<\/b><\/p><p>\u00a0<\/p><p><span style=\"font-weight: 400;\">Stay up to date with the latest updates of the Conference on the regional official social media channels on <\/span><a href=\"https:\/\/www.facebook.com\/ScoutinginEurope\"><span style=\"font-weight: 400;\">Facebook<\/span><\/a><span style=\"font-weight: 400;\"> and <\/span><a href=\"https:\/\/twitter.com\/ScoutingEurope\"><span style=\"font-weight: 400;\">Twitter<\/span><\/a><span style=\"font-weight: 400;\">. You can follow the plenary sessions live on our Facebook page, every day from 09:00 a.m CEST.\u00a0\u00a0<\/span><\/p><p><span style=\"font-weight: 400;\">Your feedback is important as it helps us offer you the best experience. Please remember to rate the <\/span><span style=\"font-weight: 400;\">Conference<\/span><span style=\"font-weight: 400;\"> and fill out the <\/span><a href=\"https:\/\/linktr.ee\/rotterdam2022\"><span style=\"font-weight: 400;\">daily surveys<\/span><\/a><span style=\"font-weight: 400;\">.<\/span><\/p><\/div>\n\t\t\t\t\t\t\t\t\t<div class=\"elementor-tab-title elementor-tab-mobile-title\" aria-selected=\"false\" data-tab=\"4\" role=\"tab\" tabindex=\"-1\" aria-controls=\"elementor-tab-content-3084\" aria-expanded=\"false\">Day 4<\/div>\n\t\t\t\t\t<div id=\"elementor-tab-content-3084\" class=\"elementor-tab-content elementor-clearfix\" data-tab=\"4\" role=\"tabpanel\" aria-labelledby=\"elementor-tab-title-3084\" tabindex=\"0\" hidden=\"hidden\"><h1 style=\"text-align: center;\"><b>Highlights of Day 4 and Closing Ceremony<\/b><\/h1><p>\u00a0<\/p><p><span style=\"font-weight: 400;\">On our final day of the European Scout Conference, delegates took part in important decision-making and listened to inspirational speakers who took the stage before reconvening with delegates from WAGGGS for the closing of the 17th European Guide and Scout Conference.\u00a0<\/span><\/p><p>\u00a0<\/p><p><img loading=\"lazy\" decoding=\"async\" class=\"size-large wp-image-9686 aligncenter\" src=\"https:\/\/en.17egsc.weconnect.eu.com\/wp-content\/uploads\/2019\/05\/WOSM_26_3_17-EGSC-Voting-and-Closing-28-1024x683.jpg\" alt=\"\" width=\"1024\" height=\"683\" srcset=\"https:\/\/en.17egsc.weconnect.eu.com\/wp-content\/uploads\/2019\/05\/WOSM_26_3_17-EGSC-Voting-and-Closing-28-1024x683.jpg 1024w, https:\/\/en.17egsc.weconnect.eu.com\/wp-content\/uploads\/2019\/05\/WOSM_26_3_17-EGSC-Voting-and-Closing-28-300x200.jpg 300w, https:\/\/en.17egsc.weconnect.eu.com\/wp-content\/uploads\/2019\/05\/WOSM_26_3_17-EGSC-Voting-and-Closing-28-768x512.jpg 768w, https:\/\/en.17egsc.weconnect.eu.com\/wp-content\/uploads\/2019\/05\/WOSM_26_3_17-EGSC-Voting-and-Closing-28-1536x1024.jpg 1536w, https:\/\/en.17egsc.weconnect.eu.com\/wp-content\/uploads\/2019\/05\/WOSM_26_3_17-EGSC-Voting-and-Closing-28-2048x1365.jpg 2048w, https:\/\/en.17egsc.weconnect.eu.com\/wp-content\/uploads\/2019\/05\/WOSM_26_3_17-EGSC-Voting-and-Closing-28-600x400.jpg 600w\" sizes=\"(max-width: 1024px) 100vw, 1024px\" \/><\/p><p>\u00a0<\/p><p><b>Voting on Resolutions<\/b><\/p><p>\u00a0<\/p><p><img loading=\"lazy\" decoding=\"async\" class=\"size-large wp-image-9687 aligncenter\" src=\"https:\/\/en.17egsc.weconnect.eu.com\/wp-content\/uploads\/2019\/05\/bih-picturs--1024x683.jpg\" alt=\"\" width=\"1024\" height=\"683\" srcset=\"https:\/\/en.17egsc.weconnect.eu.com\/wp-content\/uploads\/2019\/05\/bih-picturs--1024x683.jpg 1024w, https:\/\/en.17egsc.weconnect.eu.com\/wp-content\/uploads\/2019\/05\/bih-picturs--300x200.jpg 300w, https:\/\/en.17egsc.weconnect.eu.com\/wp-content\/uploads\/2019\/05\/bih-picturs--768x512.jpg 768w, https:\/\/en.17egsc.weconnect.eu.com\/wp-content\/uploads\/2019\/05\/bih-picturs--1536x1024.jpg 1536w, https:\/\/en.17egsc.weconnect.eu.com\/wp-content\/uploads\/2019\/05\/bih-picturs--2048x1365.jpg 2048w, https:\/\/en.17egsc.weconnect.eu.com\/wp-content\/uploads\/2019\/05\/bih-picturs--600x400.jpg 600w\" sizes=\"(max-width: 1024px) 100vw, 1024px\" \/><\/p><p>\u00a0<\/p><p><span style=\"font-weight: 400;\">We were pleased to hear the announcements of the Chairperson and Vice-Chairperson of the European Scout Committee for the coming triennium. Matthias Gerth from Switzerland, will serve as Committee Chairperson and <\/span><span style=\"font-weight: 400;\">Diana Slabu from <\/span><span style=\"font-weight: 400;\">Romania, as Vice-Chairperson during the 2022-2025 triennium.<\/span><\/p><p><span style=\"font-weight: 400;\">During the plenary, the Resolutions Committee presented its report to the Conference on the proposed Amendments. This was followed by delegations debating and voting on a number of Resolutions and Amendments submitted and seconded by Member Organizations that will shape the future of the Region through the implementation of the Regional Scout Plan 2022-2025: Strong, Innovative, Green.<\/span><\/p><p>\u00a0<\/p><p><b>Closing of the 24th ESC<\/b><\/p><p>\u00a0<\/p><p><img loading=\"lazy\" decoding=\"async\" class=\"size-large wp-image-9688 aligncenter\" src=\"https:\/\/en.17egsc.weconnect.eu.com\/wp-content\/uploads\/2019\/05\/new-chairperson-1024x683.jpg\" alt=\"\" width=\"1024\" height=\"683\" srcset=\"https:\/\/en.17egsc.weconnect.eu.com\/wp-content\/uploads\/2019\/05\/new-chairperson-1024x683.jpg 1024w, https:\/\/en.17egsc.weconnect.eu.com\/wp-content\/uploads\/2019\/05\/new-chairperson-300x200.jpg 300w, https:\/\/en.17egsc.weconnect.eu.com\/wp-content\/uploads\/2019\/05\/new-chairperson-768x512.jpg 768w, https:\/\/en.17egsc.weconnect.eu.com\/wp-content\/uploads\/2019\/05\/new-chairperson-1536x1024.jpg 1536w, https:\/\/en.17egsc.weconnect.eu.com\/wp-content\/uploads\/2019\/05\/new-chairperson-2048x1365.jpg 2048w, https:\/\/en.17egsc.weconnect.eu.com\/wp-content\/uploads\/2019\/05\/new-chairperson-600x400.jpg 600w\" sizes=\"(max-width: 1024px) 100vw, 1024px\" \/><br \/><br \/><\/p><p><span style=\"font-weight: 400;\">We listened during the final sessions to addresses from the outgoing Chairperson, Lars Kramm and the newly-elected Chairperson to the European Scout Committee, Matthias Gerth.\u00a0<\/span><\/p><p><span style=\"font-weight: 400;\">&#8220;Youth empowerment is a topic that I care very much about, I got a lot of opportunities through Scouting to do what I wanted and dreamt of. To ensure meaningful involvement of young people in the decision making, we need to be brave and to be bold. So please, be bold, be courageous, and be Scout,\u201d<\/span> <span style=\"font-weight: 400;\">said Lars Jramm in his final remarks.<\/span><\/p><p><span style=\"font-weight: 400;\">An official handover ceremony by the former Committee to the newly elected European Scout Committee took place on stage and purple Scout scarves were received to commemorate and welcome the elected members.<\/span><\/p><p><span style=\"font-weight: 400;\">&#8220;I\u2019m feeling encouraged by all the ideas shared here during the Conference. I already feel inspired by this Regional Scout Plan, and I feel excited and prepared to work with all of you. Let\u2019s stay united, let\u2019s stay connected and we will have our moment of celebration when we meet for the next European Scout Conference,\u201d were the first words of <\/span><span style=\"font-weight: 400;\">Matthias Gerth <\/span><span style=\"font-weight: 400;\">as the Chairperson of the European Scout Committee.\u00a0<\/span><\/p><p>\u00a0<\/p><p><b>17th EGSC Voting on Recommendations and Closing\u00a0<\/b><\/p><p><br \/><img loading=\"lazy\" decoding=\"async\" class=\"size-large wp-image-9689 aligncenter\" src=\"https:\/\/en.17egsc.weconnect.eu.com\/wp-content\/uploads\/2019\/05\/WOSM_26_3_17-EGSC-Voting-and-Closing-63-1024x683.jpg\" alt=\"\" width=\"1024\" height=\"683\" srcset=\"https:\/\/en.17egsc.weconnect.eu.com\/wp-content\/uploads\/2019\/05\/WOSM_26_3_17-EGSC-Voting-and-Closing-63-1024x683.jpg 1024w, https:\/\/en.17egsc.weconnect.eu.com\/wp-content\/uploads\/2019\/05\/WOSM_26_3_17-EGSC-Voting-and-Closing-63-300x200.jpg 300w, https:\/\/en.17egsc.weconnect.eu.com\/wp-content\/uploads\/2019\/05\/WOSM_26_3_17-EGSC-Voting-and-Closing-63-768x512.jpg 768w, https:\/\/en.17egsc.weconnect.eu.com\/wp-content\/uploads\/2019\/05\/WOSM_26_3_17-EGSC-Voting-and-Closing-63-1536x1024.jpg 1536w, https:\/\/en.17egsc.weconnect.eu.com\/wp-content\/uploads\/2019\/05\/WOSM_26_3_17-EGSC-Voting-and-Closing-63-2048x1365.jpg 2048w, https:\/\/en.17egsc.weconnect.eu.com\/wp-content\/uploads\/2019\/05\/WOSM_26_3_17-EGSC-Voting-and-Closing-63-600x400.jpg 600w\" sizes=\"(max-width: 1024px) 100vw, 1024px\" \/><\/p><p>\u00a0<\/p><p><span style=\"font-weight: 400;\">An opportunity for Q&amp;A was given following a report from the Recommendations Committee and we had the chance to vote on the recommendations presented.<\/span><\/p><p><span style=\"font-weight: 400;\">We congratulated the host of the 18th European Guide and Scout Conference, Pfadfinder und Pfadfinderinnen \u00d6sterreichs, for hosting the event in Vienna, Austria in 2025.<\/span><\/p><p>\u00a0<\/p><p><b>Follow\u00a0 us\u00a0<\/b><\/p><p>\u00a0<\/p><p><span style=\"font-weight: 400;\">Stay up to date with the latest updates of the Conference on the regional official social media channels on <\/span><a href=\"https:\/\/www.facebook.com\/ScoutinginEurope\"><span style=\"font-weight: 400;\">Facebook<\/span><\/a><span style=\"font-weight: 400;\"> and <\/span><a href=\"https:\/\/twitter.com\/ScoutingEurope\"><span style=\"font-weight: 400;\">Twitter<\/span><\/a><span style=\"font-weight: 400;\">.\u00a0<\/span><\/p><p>\u00a0<\/p><p><span style=\"font-weight: 400;\">Thank you for joining the 17th European Guide and Scout Conference! We hope you enjoyed the sessions, networking and fun journey as much as we did.<\/span><\/p><p><br \/><br \/><\/p><\/div>\n\t\t\t\t\t\t\t<\/div>\n\t\t<\/div>\n\t\t\t\t<\/div>\n\t\t\t\t<\/div>\n\t\t\t\t\t<\/div>\n\t\t<\/div>\n\t\t\t\t\t\t\t<\/div>\n\t\t<\/section>\n\t\t\t\t\t\t\t<\/div>\n\t\t","protected":false},"excerpt":{"rendered":"<p>Welcome This is a page with information and documents pertaining to the 24th European Scout Conference. A Snapshot of the Day will be regularly published here to feature outcomes, highlights, activities and key decisions from each day of the Conference. Day 1 Day 2 Day 3 Day 4 Day 1 Highlights of our Opening Ceremony [&hellip;]<\/p>\n","protected":false},"author":3,"featured_media":0,"parent":0,"menu_order":0,"comment_status":"closed","ping_status":"closed","template":"","meta":{"om_disable_all_campaigns":false,"_mi_skip_tracking":false,"footnotes":""},"aioseo_notices":[],"_links":{"self":[{"href":"https:\/\/en.17egsc.weconnect.eu.com\/index.php\/wp-json\/wp\/v2\/pages\/8731"}],"collection":[{"href":"https:\/\/en.17egsc.weconnect.eu.com\/index.php\/wp-json\/wp\/v2\/pages"}],"about":[{"href":"https:\/\/en.17egsc.weconnect.eu.com\/index.php\/wp-json\/wp\/v2\/types\/page"}],"author":[{"embeddable":true,"href":"https:\/\/en.17egsc.weconnect.eu.com\/index.php\/wp-json\/wp\/v2\/users\/3"}],"replies":[{"embeddable":true,"href":"https:\/\/en.17egsc.weconnect.eu.com\/index.php\/wp-json\/wp\/v2\/comments?post=8731"}],"version-history":[{"count":69,"href":"https:\/\/en.17egsc.weconnect.eu.com\/index.php\/wp-json\/wp\/v2\/pages\/8731\/revisions"}],"predecessor-version":[{"id":9692,"href":"https:\/\/en.17egsc.weconnect.eu.com\/index.php\/wp-json\/wp\/v2\/pages\/8731\/revisions\/9692"}],"wp:attachment":[{"href":"https:\/\/en.17egsc.weconnect.eu.com\/index.php\/wp-json\/wp\/v2\/media?parent=8731"}],"curies":[{"name":"wp","href":"https:\/\/api.w.org\/{rel}","templated":true}]}}